{"id":10102,"date":"2022-01-25T10:28:57","date_gmt":"2022-01-25T09:28:57","guid":{"rendered":"https:\/\/www.alpis.fr\/agence-de-traduction\/liao-alpis-traducao-e-interpretacao\/"},"modified":"2024-06-14T14:34:07","modified_gmt":"2024-06-14T12:34:07","slug":"liao-alpis-traducao-e-interpretacao","status":"publish","type":"wpsl_stores","link":"https:\/\/www.alpis.fr\/pt-pt\/agencia-de-traducao\/liao-alpis-traducao-e-interpretacao\/","title":{"rendered":"Li\u00e3o"},"content":{"rendered":"\n<div class=\"wp-block-columns are-vertically-aligned-top is-layout-flex wp-container-core-columns-is-layout-9d6595d7 wp-block-columns-is-layout-flex\">\n<div class=\"wp-block-column is-vertically-aligned-top is-layout-flow wp-block-column-is-layout-flow\">\n<h2 class=\"wp-block-heading has-normal-font-size\" id=\"h-une-agence-de-traduction-a-lyon-coeur-de-la-region-rhone-alpes\">Uma ag\u00eancia de tradu\u00e7\u00e3o em Li\u00e3o, no centro da regi\u00e3o R\u00f3dano-Alpes<\/h2>\n\n\n\n<p>A nossa ag\u00eancia de tradu\u00e7\u00e3o em Li\u00e3o fica em frente \u00e0 <a href=\"https:\/\/www.garesetconnexions.sncf\/fr\/gares-services\/lyon-part-dieu\">esta\u00e7\u00e3o de comboios Gare de Lyon Part Dieu<\/a>, no centro do 3\u00ba distrito. As empresas da regi\u00e3o Auv\u00e9rnia-R\u00f3dano-Alpes recorrem a n\u00f3s para projetos de <strong>tradu\u00e7\u00e3o profissional<\/strong> ou de <strong>interpreta\u00e7\u00e3o profissional<\/strong> em qualquer l\u00edngua.<\/p>\n\n\n\n<p><\/p>\n\n\n\n<h2 class=\"wp-block-heading has-normal-font-size\" id=\"h-l-agence-de-traduction-a-votre-service-jusqu-au-mont-blanc\">A ag\u00eancia de tradu\u00e7\u00e3o ao seu servi\u00e7o at\u00e9 o Mont Blanc<\/h2>\n\n\n\n<p>A nossa ag\u00eancia de tradu\u00e7\u00e3o em Li\u00e3o atende \u00e0s necessidades dos <strong>profissionais<\/strong> e dos <strong>particulares<\/strong> de toda a regi\u00e3o <strong>Auv\u00e9rnia-R\u00f3dano-Alpes<\/strong>. Recebemos pedidos de tradu\u00e7\u00f5es profissionais <strong>jur\u00eddicas<\/strong>, <strong><a href=\"https:\/\/www.alpis.fr\/pt-pt\/servicos\/traducao-juramentada\/\">asserment\u00e9es<\/a><\/strong>, <strong>cientificas<\/strong>, dos nossos clientes de toda a <strong>\u00e1rea metropolitana de Li\u00e3o<\/strong>, mas tamb\u00e9m das \u00e1reas urbanas vizinhas. Saint \u00c9tienne, Grenoble, Chamb\u00e9ry, Annecy, Vaulx-en-Velin, Bourg-en-Bresse, Saint Priest, Vienne, Albertville, Annonay e Valence. Mais em geral, recebemos pedidos dos departamentos do Rh\u00f4ne, da Loire, da Ard\u00e8che, da Dr\u00f4me, do Ain, da Is\u00e8re, da Savoie e da Haute-Savoie.<\/p>\n<\/div>\n\n\n\n<div class=\"wp-block-column is-vertically-aligned-top is-layout-flow wp-block-column-is-layout-flow\">\n<h2 class=\"wp-block-heading has-normal-font-size\" id=\"h-l-industrie-et-le-tourisme-au-coeur-de-notre-activite\">A ind\u00fastria e o turismo no centro da nossa atividade<\/h2>\n\n\n\n<p>A ag\u00eancia de tradu\u00e7\u00e3o de Li\u00e3o se concentra particularmente nos sectores da <strong>energia<\/strong> e da <strong>transi\u00e7\u00e3o energ\u00e9tica<\/strong>, do <strong>t\u00eaxtil<\/strong>, do <strong>autom\u00f3vel<\/strong> e da <strong>sa\u00fade<\/strong>. Muitas empresas desses sectores de toda a regi\u00e3o R\u00f3dano-Alpes nos recorrem para tradu\u00e7\u00f5es <strong>financeiras<\/strong>, <strong>do meio ambiente<\/strong>, <strong><a href=\"https:\/\/www.alpis.fr\/pt-pt\/servicos\/traducao-tecnica-especializada\/\">t\u00e9cnicas<\/a><\/strong>, <strong>cientistas<\/strong>, mas tamb\u00e9m <strong>asserment\u00e9es<\/strong>.<\/p>\n\n\n\n<p>Verdadeiro centro tur\u00edstico, a nossa ag\u00eancia tamb\u00e9m acompanha projetos de tradu\u00e7\u00e3o <strong>tur\u00edstica<\/strong> (esqui alpino, alpinismo, etc.) para todos os tipos de documentos.<\/p>\n\n\n\n<p><\/p>\n\n\n\n<h2 class=\"wp-block-heading has-normal-font-size\" id=\"h-traduction-en-plus-de-100-langues\">Tradu\u00e7\u00e3o em mais de 100 l\u00ednguas<\/h2>\n\n\n\n<p>Localizada num centro de comunica\u00e7\u00e3o ligando o norte e o sul e com abertura para a Su\u00ed\u00e7a e o norte da It\u00e1lia, Li\u00e3o recebe um fluxo significativo de turistas europeus e internacionais: ingl\u00eas, alem\u00e3o, espanhol, neerland\u00eas e italiano s\u00e3o l\u00ednguas frequentemente faladas na cidade. Al\u00e9m disso, gra\u00e7as \u00e0 nossa <strong>equipa de mais de 500 tradutores<\/strong>, a nossa ag\u00eancia de tradu\u00e7\u00e3o de Li\u00e3o pode atender a todos os pedidos em mais de <strong><a href=\"https:\/\/www.alpis.fr\/pt-pt\/lista-das-linguas-traduzidas-ou-interpretadas\/\">300 combina\u00e7\u00f5es lingu\u00edsticas<\/a><\/strong>.<\/p>\n<\/div>\n<\/div>\n","protected":false},"excerpt":{"rendered":"<p>Bem-vindo \u00e0 nossa ag\u00eancia de Li\u00e3o!<\/p>\n","protected":false},"author":1,"featured_media":3778,"template":"","wpsl_store_category":[2],"class_list":["post-10102","wpsl_stores","type-wpsl_stores","status-publish","has-post-thumbnail","hentry","wpsl_store_category-agences"],"yoast_head":"<!-- This site is optimized with the Yoast SEO Premium plugin v27.3 (Yoast SEO v27.3) - https:\/\/yoast.com\/product\/yoast-seo-premium-wordpress\/ -->\n<title>Ag\u00eancia de Tradu\u00e7\u00e3o de Li\u00e3o - Alpis Tradu\u00e7\u00e3o e Interpreta\u00e7\u00e3o<\/title>\n<meta name=\"description\" content=\"Ag\u00eancia de tradu\u00e7\u00e3o Li\u00e3o R\u00f3dano-Alpes | Tradu\u00e7\u00e3o profissional,asserment\u00e9e (juramentada)| Interpreta\u00e7\u00e3o | + de 100 l\u00ednguas | Servi\u00e7o Expresso | Or\u00e7amento gratuito | Pagamento por cart\u00e3o | Servi\u00e7o personalizado\" \/>\n<meta name=\"robots\" content=\"index, follow, max-snippet:-1, max-image-preview:large, max-video-preview:-1\" \/>\n<link rel=\"canonical\" href=\"https:\/\/www.alpis.fr\/pt-pt\/agencia-de-traducao\/liao-alpis-traducao-e-interpretacao\/\" \/>\n<meta property=\"og:locale\" content=\"pt_PT\" \/>\n<meta property=\"og:type\" content=\"article\" \/>\n<meta property=\"og:title\" content=\"Li\u00e3o\" \/>\n<meta property=\"og:description\" content=\"Ag\u00eancia de tradu\u00e7\u00e3o Li\u00e3o R\u00f3dano-Alpes | Tradu\u00e7\u00e3o profissional,asserment\u00e9e (juramentada)| Interpreta\u00e7\u00e3o | + de 100 l\u00ednguas | Servi\u00e7o Expresso | Or\u00e7amento gratuito | Pagamento por cart\u00e3o | Servi\u00e7o personalizado\" \/>\n<meta property=\"og:url\" content=\"https:\/\/www.alpis.fr\/pt-pt\/agencia-de-traducao\/liao-alpis-traducao-e-interpretacao\/\" \/>\n<meta property=\"og:site_name\" content=\"Alpis Tradu\u00e7\u00e3o e Interpreta\u00e7\u00e3o\" \/>\n<meta property=\"article:publisher\" content=\"https:\/\/www.facebook.com\/alpisfr\/\" \/>\n<meta property=\"article:modified_time\" content=\"2024-06-14T12:34:07+00:00\" \/>\n<meta property=\"og:image\" content=\"https:\/\/www.alpis.fr\/wp-content\/uploads\/2022\/01\/Alpis-Lyon.jpg\" \/>\n\t<meta property=\"og:image:width\" content=\"1200\" \/>\n\t<meta property=\"og:image:height\" content=\"400\" \/>\n\t<meta property=\"og:image:type\" content=\"image\/jpeg\" \/>\n<meta name=\"twitter:card\" content=\"summary_large_image\" \/>\n<meta name=\"twitter:site\" content=\"@AlpisParis\" \/>\n<meta name=\"twitter:label1\" content=\"Tempo estimado de leitura\" \/>\n\t<meta name=\"twitter:data1\" content=\"2 minutos\" \/>\n<script type=\"application\/ld+json\" class=\"yoast-schema-graph\">{\"@context\":\"https:\\\/\\\/schema.org\",\"@graph\":[{\"@type\":\"WebPage\",\"@id\":\"https:\\\/\\\/www.alpis.fr\\\/pt-pt\\\/agencia-de-traducao\\\/liao-alpis-traducao-e-interpretacao\\\/\",\"url\":\"https:\\\/\\\/www.alpis.fr\\\/pt-pt\\\/agencia-de-traducao\\\/liao-alpis-traducao-e-interpretacao\\\/\",\"name\":\"Ag\u00eancia de Tradu\u00e7\u00e3o de Li\u00e3o - Alpis Tradu\u00e7\u00e3o e Interpreta\u00e7\u00e3o\",\"isPartOf\":{\"@id\":\"https:\\\/\\\/www.alpis.fr\\\/pt-pt\\\/#website\"},\"primaryImageOfPage\":{\"@id\":\"https:\\\/\\\/www.alpis.fr\\\/pt-pt\\\/agencia-de-traducao\\\/liao-alpis-traducao-e-interpretacao\\\/#primaryimage\"},\"image\":{\"@id\":\"https:\\\/\\\/www.alpis.fr\\\/pt-pt\\\/agencia-de-traducao\\\/liao-alpis-traducao-e-interpretacao\\\/#primaryimage\"},\"thumbnailUrl\":\"\\\/cdn-cgi\\\/image\\\/quality=80,format=auto,onerror=redirect,metadata=none\\\/wp-content\\\/uploads\\\/2022\\\/01\\\/Alpis-Lyon.jpg\",\"datePublished\":\"2022-01-25T09:28:57+00:00\",\"dateModified\":\"2024-06-14T12:34:07+00:00\",\"description\":\"Ag\u00eancia de tradu\u00e7\u00e3o Li\u00e3o R\u00f3dano-Alpes | Tradu\u00e7\u00e3o profissional,asserment\u00e9e (juramentada)| Interpreta\u00e7\u00e3o | + de 100 l\u00ednguas | Servi\u00e7o Expresso | Or\u00e7amento gratuito | Pagamento por cart\u00e3o | Servi\u00e7o personalizado\",\"inLanguage\":\"pt-PT\",\"potentialAction\":[{\"@type\":\"ReadAction\",\"target\":[\"https:\\\/\\\/www.alpis.fr\\\/pt-pt\\\/agencia-de-traducao\\\/liao-alpis-traducao-e-interpretacao\\\/\"]}]},{\"@type\":\"ImageObject\",\"inLanguage\":\"pt-PT\",\"@id\":\"https:\\\/\\\/www.alpis.fr\\\/pt-pt\\\/agencia-de-traducao\\\/liao-alpis-traducao-e-interpretacao\\\/#primaryimage\",\"url\":\"\\\/cdn-cgi\\\/image\\\/quality=80,format=auto,onerror=redirect,metadata=none\\\/wp-content\\\/uploads\\\/2022\\\/01\\\/Alpis-Lyon.jpg\",\"contentUrl\":\"\\\/cdn-cgi\\\/image\\\/quality=80,format=auto,onerror=redirect,metadata=none\\\/wp-content\\\/uploads\\\/2022\\\/01\\\/Alpis-Lyon.jpg\",\"width\":1200,\"height\":400,\"caption\":\"Alpis-Lyon\"},{\"@type\":\"WebSite\",\"@id\":\"https:\\\/\\\/www.alpis.fr\\\/pt-pt\\\/#website\",\"url\":\"https:\\\/\\\/www.alpis.fr\\\/pt-pt\\\/\",\"name\":\"Alpis Traduction et Interpr\u00e9tation\",\"description\":\"A ag\u00eancia de tradu\u00e7\u00e3o ao servi\u00e7o da sua ascens\u00e3o internacional\",\"publisher\":{\"@id\":\"https:\\\/\\\/www.alpis.fr\\\/pt-pt\\\/#organization\"},\"potentialAction\":[{\"@type\":\"SearchAction\",\"target\":{\"@type\":\"EntryPoint\",\"urlTemplate\":\"https:\\\/\\\/www.alpis.fr\\\/pt-pt\\\/?s={search_term_string}\"},\"query-input\":{\"@type\":\"PropertyValueSpecification\",\"valueRequired\":true,\"valueName\":\"search_term_string\"}}],\"inLanguage\":\"pt-PT\"},{\"@type\":\"Organization\",\"@id\":\"https:\\\/\\\/www.alpis.fr\\\/pt-pt\\\/#organization\",\"name\":\"Alpis Traduction et Interpr\u00e9tation\",\"alternateName\":\"Alpis\",\"url\":\"https:\\\/\\\/www.alpis.fr\\\/pt-pt\\\/\",\"logo\":{\"@type\":\"ImageObject\",\"inLanguage\":\"pt-PT\",\"@id\":\"https:\\\/\\\/www.alpis.fr\\\/pt-pt\\\/#\\\/schema\\\/logo\\\/image\\\/\",\"url\":\"https:\\\/\\\/www.alpis.fr\\\/wp-content\\\/uploads\\\/2022\\\/06\\\/LogoPreviewFB1200x630.jpg\",\"contentUrl\":\"https:\\\/\\\/www.alpis.fr\\\/wp-content\\\/uploads\\\/2022\\\/06\\\/LogoPreviewFB1200x630.jpg\",\"width\":1200,\"height\":630,\"caption\":\"Alpis Traduction et Interpr\u00e9tation\"},\"image\":{\"@id\":\"https:\\\/\\\/www.alpis.fr\\\/pt-pt\\\/#\\\/schema\\\/logo\\\/image\\\/\"},\"sameAs\":[\"https:\\\/\\\/www.facebook.com\\\/alpisfr\\\/\",\"https:\\\/\\\/x.com\\\/AlpisParis\",\"https:\\\/\\\/www.linkedin.com\\\/company\\\/alpis\",\"https:\\\/\\\/twitter.com\\\/AlpisParis\"],\"email\":\"contact@alpis.fr\",\"telephone\":\"+33973037000\",\"legalName\":\"Alpis Traduction et Interpr\u00e9tation SAS\",\"foundingDate\":\"2014-03-06\",\"vatID\":\"FR52801253543\",\"taxID\":\"80125354300012\",\"numberOfEmployees\":{\"@type\":\"QuantitativeValue\",\"minValue\":\"1\",\"maxValue\":\"10\"},\"actionableFeedbackPolicy\":\"https:\\\/\\\/www.alpis.fr\\\/mentions-legales\\\/\",\"correctionsPolicy\":\"https:\\\/\\\/www.alpis.fr\\\/mentions-legales\\\/\"}]}<\/script>\n<!-- \/ Yoast SEO Premium plugin. -->","yoast_head_json":{"title":"Ag\u00eancia de Tradu\u00e7\u00e3o de Li\u00e3o - Alpis Tradu\u00e7\u00e3o e Interpreta\u00e7\u00e3o","description":"Ag\u00eancia de tradu\u00e7\u00e3o Li\u00e3o R\u00f3dano-Alpes | Tradu\u00e7\u00e3o profissional,asserment\u00e9e (juramentada)| Interpreta\u00e7\u00e3o | + de 100 l\u00ednguas | Servi\u00e7o Expresso | Or\u00e7amento gratuito | Pagamento por cart\u00e3o | Servi\u00e7o personalizado","robots":{"index":"index","follow":"follow","max-snippet":"max-snippet:-1","max-image-preview":"max-image-preview:large","max-video-preview":"max-video-preview:-1"},"canonical":"https:\/\/www.alpis.fr\/pt-pt\/agencia-de-traducao\/liao-alpis-traducao-e-interpretacao\/","og_locale":"pt_PT","og_type":"article","og_title":"Li\u00e3o","og_description":"Ag\u00eancia de tradu\u00e7\u00e3o Li\u00e3o R\u00f3dano-Alpes | Tradu\u00e7\u00e3o profissional,asserment\u00e9e (juramentada)| Interpreta\u00e7\u00e3o | + de 100 l\u00ednguas | Servi\u00e7o Expresso | Or\u00e7amento gratuito | Pagamento por cart\u00e3o | Servi\u00e7o personalizado","og_url":"https:\/\/www.alpis.fr\/pt-pt\/agencia-de-traducao\/liao-alpis-traducao-e-interpretacao\/","og_site_name":"Alpis Tradu\u00e7\u00e3o e Interpreta\u00e7\u00e3o","article_publisher":"https:\/\/www.facebook.com\/alpisfr\/","article_modified_time":"2024-06-14T12:34:07+00:00","og_image":[{"width":1200,"height":400,"url":"https:\/\/www.alpis.fr\/wp-content\/uploads\/2022\/01\/Alpis-Lyon.jpg","type":"image\/jpeg"}],"twitter_card":"summary_large_image","twitter_site":"@AlpisParis","twitter_misc":{"Tempo estimado de leitura":"2 minutos"},"schema":{"@context":"https:\/\/schema.org","@graph":[{"@type":"WebPage","@id":"https:\/\/www.alpis.fr\/pt-pt\/agencia-de-traducao\/liao-alpis-traducao-e-interpretacao\/","url":"https:\/\/www.alpis.fr\/pt-pt\/agencia-de-traducao\/liao-alpis-traducao-e-interpretacao\/","name":"Ag\u00eancia de Tradu\u00e7\u00e3o de Li\u00e3o - Alpis Tradu\u00e7\u00e3o e Interpreta\u00e7\u00e3o","isPartOf":{"@id":"https:\/\/www.alpis.fr\/pt-pt\/#website"},"primaryImageOfPage":{"@id":"https:\/\/www.alpis.fr\/pt-pt\/agencia-de-traducao\/liao-alpis-traducao-e-interpretacao\/#primaryimage"},"image":{"@id":"https:\/\/www.alpis.fr\/pt-pt\/agencia-de-traducao\/liao-alpis-traducao-e-interpretacao\/#primaryimage"},"thumbnailUrl":"\/cdn-cgi\/image\/quality=80,format=auto,onerror=redirect,metadata=none\/wp-content\/uploads\/2022\/01\/Alpis-Lyon.jpg","datePublished":"2022-01-25T09:28:57+00:00","dateModified":"2024-06-14T12:34:07+00:00","description":"Ag\u00eancia de tradu\u00e7\u00e3o Li\u00e3o R\u00f3dano-Alpes | Tradu\u00e7\u00e3o profissional,asserment\u00e9e (juramentada)| Interpreta\u00e7\u00e3o | + de 100 l\u00ednguas | Servi\u00e7o Expresso | Or\u00e7amento gratuito | Pagamento por cart\u00e3o | Servi\u00e7o personalizado","inLanguage":"pt-PT","potentialAction":[{"@type":"ReadAction","target":["https:\/\/www.alpis.fr\/pt-pt\/agencia-de-traducao\/liao-alpis-traducao-e-interpretacao\/"]}]},{"@type":"ImageObject","inLanguage":"pt-PT","@id":"https:\/\/www.alpis.fr\/pt-pt\/agencia-de-traducao\/liao-alpis-traducao-e-interpretacao\/#primaryimage","url":"\/cdn-cgi\/image\/quality=80,format=auto,onerror=redirect,metadata=none\/wp-content\/uploads\/2022\/01\/Alpis-Lyon.jpg","contentUrl":"\/cdn-cgi\/image\/quality=80,format=auto,onerror=redirect,metadata=none\/wp-content\/uploads\/2022\/01\/Alpis-Lyon.jpg","width":1200,"height":400,"caption":"Alpis-Lyon"},{"@type":"WebSite","@id":"https:\/\/www.alpis.fr\/pt-pt\/#website","url":"https:\/\/www.alpis.fr\/pt-pt\/","name":"Alpis Traduction et Interpr\u00e9tation","description":"A ag\u00eancia de tradu\u00e7\u00e3o ao servi\u00e7o da sua ascens\u00e3o internacional","publisher":{"@id":"https:\/\/www.alpis.fr\/pt-pt\/#organization"},"potentialAction":[{"@type":"SearchAction","target":{"@type":"EntryPoint","urlTemplate":"https:\/\/www.alpis.fr\/pt-pt\/?s={search_term_string}"},"query-input":{"@type":"PropertyValueSpecification","valueRequired":true,"valueName":"search_term_string"}}],"inLanguage":"pt-PT"},{"@type":"Organization","@id":"https:\/\/www.alpis.fr\/pt-pt\/#organization","name":"Alpis Traduction et Interpr\u00e9tation","alternateName":"Alpis","url":"https:\/\/www.alpis.fr\/pt-pt\/","logo":{"@type":"ImageObject","inLanguage":"pt-PT","@id":"https:\/\/www.alpis.fr\/pt-pt\/#\/schema\/logo\/image\/","url":"https:\/\/www.alpis.fr\/wp-content\/uploads\/2022\/06\/LogoPreviewFB1200x630.jpg","contentUrl":"https:\/\/www.alpis.fr\/wp-content\/uploads\/2022\/06\/LogoPreviewFB1200x630.jpg","width":1200,"height":630,"caption":"Alpis Traduction et Interpr\u00e9tation"},"image":{"@id":"https:\/\/www.alpis.fr\/pt-pt\/#\/schema\/logo\/image\/"},"sameAs":["https:\/\/www.facebook.com\/alpisfr\/","https:\/\/x.com\/AlpisParis","https:\/\/www.linkedin.com\/company\/alpis","https:\/\/twitter.com\/AlpisParis"],"email":"contact@alpis.fr","telephone":"+33973037000","legalName":"Alpis Traduction et Interpr\u00e9tation SAS","foundingDate":"2014-03-06","vatID":"FR52801253543","taxID":"80125354300012","numberOfEmployees":{"@type":"QuantitativeValue","minValue":"1","maxValue":"10"},"actionableFeedbackPolicy":"https:\/\/www.alpis.fr\/mentions-legales\/","correctionsPolicy":"https:\/\/www.alpis.fr\/mentions-legales\/"}]}},"_links":{"self":[{"href":"https:\/\/www.alpis.fr\/pt-pt\/wp-json\/wp\/v2\/wpsl_stores\/10102","targetHints":{"allow":["GET"]}}],"collection":[{"href":"https:\/\/www.alpis.fr\/pt-pt\/wp-json\/wp\/v2\/wpsl_stores"}],"about":[{"href":"https:\/\/www.alpis.fr\/pt-pt\/wp-json\/wp\/v2\/types\/wpsl_stores"}],"author":[{"embeddable":true,"href":"https:\/\/www.alpis.fr\/pt-pt\/wp-json\/wp\/v2\/users\/1"}],"version-history":[{"count":0,"href":"https:\/\/www.alpis.fr\/pt-pt\/wp-json\/wp\/v2\/wpsl_stores\/10102\/revisions"}],"wp:featuredmedia":[{"embeddable":true,"href":"https:\/\/www.alpis.fr\/pt-pt\/wp-json\/wp\/v2\/media\/3778"}],"wp:attachment":[{"href":"https:\/\/www.alpis.fr\/pt-pt\/wp-json\/wp\/v2\/media?parent=10102"}],"wp:term":[{"taxonomy":"wpsl_store_category","embeddable":true,"href":"https:\/\/www.alpis.fr\/pt-pt\/wp-json\/wp\/v2\/wpsl_store_category?post=10102"}],"curies":[{"name":"wp","href":"https:\/\/api.w.org\/{rel}","templated":true}]}}