{"id":16983,"date":"2022-01-24T11:59:46","date_gmt":"2022-01-24T10:59:46","guid":{"rendered":"https:\/\/www.alpis.fr\/politica-de-privacidade\/"},"modified":"2024-10-16T11:07:32","modified_gmt":"2024-10-16T09:07:32","slug":"politica-de-privacidade","status":"publish","type":"page","link":"https:\/\/www.alpis.fr\/pt-pt\/politica-de-privacidade\/","title":{"rendered":"Pol\u00edtica de privacidade"},"content":{"rendered":"\t\t<div data-elementor-type=\"wp-page\" data-elementor-id=\"16983\" class=\"elementor elementor-16983 elementor-3\" data-elementor-post-type=\"page\">\n\t\t\t\t\t\t<section class=\" elementor-section elementor-top-section elementor-element elementor-element-1620d481 alpha-section-stretched elementor-section-boxed elementor-section-height-default elementor-section-height-default wpr-jarallax-no wpr-sticky-section-no\" data-id=\"1620d481\" data-element_type=\"section\" data-e-type=\"section\">\r\n\t\t\t\t\t\t\t\t<div class=\"elementor-container elementor-column-gap-default\">\r\n\t\t\t\t\r\n\t\t\t\t\t\t\t\t<div class=\" elementor-column elementor-col-100 elementor-top-column elementor-element elementor-element-5bbc6c91 \" data-id=\"5bbc6c91\" data-element_type=\"column\" data-e-type=\"column\">\r\n\r\n\t\t\t\t\r\n\t\t\t\t<div class=\"elementor-widget-wrap elementor-element-populated\">\r\n\t\t\t\t\t\t\t\t\t\t\r\n\t\t\t\t\t\t<div class=\"elementor-element elementor-element-2c43022 eael-dual-header-content-align-center elementor-widget elementor-widget-eael-dual-color-header\" data-id=\"2c43022\" data-element_type=\"widget\" data-e-type=\"widget\" data-widget_type=\"eael-dual-color-header.default\">\n\t\t\t\t\t\t\t\t<div class=\"eael-dual-header\">\n\t\t\t\t<h1 class=\"title eael-dch-title\"><span class=\"eael-dch-title-text eael-dch-title-lead lead solid-color\">Pol\u00edtica de privacidade<\/span> <span class=\"eael-dch-title-text\"><\/span><\/h1><div class=\"eael-dch-separator-wrap\"><span class=\"separator-one\"><\/span>\n\t\t\t<span class=\"separator-two\"><\/span><\/div>\t\t\t<\/div>\n\n\t\t\t\t\t\t<\/div>\n\t\t\t\t<div class=\"elementor-element elementor-element-4266b7e elementor-widget elementor-widget-spacer\" data-id=\"4266b7e\" data-element_type=\"widget\" data-e-type=\"widget\" data-widget_type=\"spacer.default\">\n\t\t\t\t\t\t\t<div class=\"elementor-spacer\">\n\t\t\t<div class=\"elementor-spacer-inner\"><\/div>\n\t\t<\/div>\n\t\t\t\t\t\t<\/div>\n\t\t\t\t<div class=\"elementor-element elementor-element-390695e elementor-widget elementor-widget-image\" data-id=\"390695e\" data-element_type=\"widget\" data-e-type=\"widget\" data-widget_type=\"image.default\">\n\t\t\t\t\t\t\t\t\t\t\t\t\t\t\t<img width=\"1200\" height=\"200\" decoding=\"async\" src=\"\/cdn-cgi\/image\/quality=80,format=auto,onerror=redirect,metadata=none\/wp-content\/uploads\/elementor\/thumbs\/confidential-pqcv6yw0f4cgxlcw66hhns7fi5j6sg6jtd430hgfkg.jpg\" title=\"confidential\" alt=\"Politique de confidentialit\u00e9\" loading=\"lazy\" \/>\t\t\t\t\t\t\t\t\t\t\t\t\t\t\t<\/div>\n\t\t\t\t<div class=\"elementor-element elementor-element-17cd8a2 elementor-widget elementor-widget-spacer\" data-id=\"17cd8a2\" data-element_type=\"widget\" data-e-type=\"widget\" data-widget_type=\"spacer.default\">\n\t\t\t\t\t\t\t<div class=\"elementor-spacer\">\n\t\t\t<div class=\"elementor-spacer-inner\"><\/div>\n\t\t<\/div>\n\t\t\t\t\t\t<\/div>\n\t\t\t\t<div class=\"elementor-element elementor-element-314da640 elementor-widget elementor-widget-text-editor\" data-id=\"314da640\" data-element_type=\"widget\" data-e-type=\"widget\" data-widget_type=\"text-editor.default\">\n\t\t\t\t\t\t\t\t\t<h4>Quem somos?<\/h4>\n<p>A Alpis \u00e9 uma ag\u00eancia de tradu\u00e7\u00e3o e interpreta\u00e7\u00e3o sediada em Paris, com v\u00e1rias ag\u00eancias distribu\u00eddas por toda a Fran\u00e7a. Bem-vindo ao nosso site: <a href=\"https:\/\/www.alpis.fr\/pt-pt\">https:\/\/www.alpis.fr\/pt-pt<\/a>.<\/p>\n<p><\/p>\n<h4>Coment\u00e1rios e Avalia\u00e7\u00f5es<\/h4>\n<p>Quando os visitantes deixam coment\u00e1rios e avalia\u00e7\u00f5es no site, coletamos os dados de seus formul\u00e1rios, bem como o endere\u00e7o IP e o navegador utilizado para melhorar a detec\u00e7\u00e3o de spam. Uma sequ\u00eancia de caracteres criada a partir do seu endere\u00e7o de e-mail (um hash) pode ser fornecida ao servi\u00e7o Gravatar para gerar um avatar no site ou usar o seu se voc\u00ea j\u00e1 estiver usando o Gravatar. A pol\u00edtica de privacidade do Gravatar est\u00e1 dispon\u00edvel neste endere\u00e7o: https:\/\/automattic.com\/privacy\/. Ap\u00f3s a valida\u00e7\u00e3o do seu coment\u00e1rio, seu avatar (imagem de perfil) ser\u00e1 vis\u00edvel ao p\u00fablico junto com o seu coment\u00e1rio.<\/p>\n<p><\/p>\n<h4>M\u00eddia<\/h4>\n<p>Se voc\u00ea carregar imagens em nosso site, \u00e9 necess\u00e1rio evitar que contenham dados de geolocaliza\u00e7\u00e3o inclu\u00eddos nos detalhes (EXIF GPS). Os visitantes podem baixar essa imagem e extrair os dados.<\/p>\n<p><\/p>\n<h4>Cookies<\/h4>\n<p>Se voc\u00ea deixar um coment\u00e1rio em nosso site, voc\u00ea pode optar por salvar seu nome, endere\u00e7o de e-mail e os cookies do site. Estes s\u00e3o para o seu conforto, a fim de evitar que voc\u00ea tenha que inserir seus detalhes novamente ao deixar outro coment\u00e1rio. Esses cookies s\u00e3o armazenados por um ano.<\/p>\n<p>Se voc\u00ea acessar nossa p\u00e1gina de login, configuraremos um cookie tempor\u00e1rio que permitir\u00e1 determinar se seu navegador aceita cookies. Este cookie n\u00e3o armazena nenhum dado pessoal e \u00e9 exclu\u00eddo assim que voc\u00ea fecha seu navegador.<\/p>\n<p>Ao fazer login, configuramos outros cookies que armazenam suas informa\u00e7\u00f5es de login e prefer\u00eancias gr\u00e1ficas. Os cookies de login s\u00e3o armazenados por dois dias, e os cookies de prefer\u00eancias gr\u00e1ficas s\u00e3o armazenados por um ano. Se voc\u00ea selecionar a op\u00e7\u00e3o &#8220;Lembrar-me&#8221;, suas informa\u00e7\u00f5es de login ser\u00e3o mantidas por duas semanas. Se voc\u00ea se desconectar da sua conta, os cookies de login ser\u00e3o removidos.<\/p>\n<p>Se voc\u00ea editar ou publicar um artigo, um cookie adicional ser\u00e1 salvo no seu navegador. Este cookie n\u00e3o ret\u00e9m nenhum dado pessoal e simplesmente indica as informa\u00e7\u00f5es do post do artigo que voc\u00ea acabou de editar. Ele expira ap\u00f3s um dia.&#8221;<\/p>\n<p><\/p>\n<h4>Conte\u00fado de outros sites<\/h4>\n<p>Os artigos publicados neste site incluem conte\u00fado incorporado (como v\u00eddeos, imagens, artigos, etc.). Esse conte\u00fado incorporado de outros sites funciona da mesma maneira que se o usu\u00e1rio tivesse visitado o site de onde vem esse conte\u00fado.<\/p>\n<p>Esses sites podem coletar dados sobre voc\u00ea, usar cookies, incorporar rastreamento adicional por terceiros e monitorar sua intera\u00e7\u00e3o com esse conte\u00fado incorporado, especialmente seguindo suas intera\u00e7\u00f5es com o conte\u00fado incorporado se voc\u00ea tiver uma conta e estiver conectado a este site.<\/p>\n<p><\/p>\n<h4>Com quem compartilhamos seus dados?<\/h4>\n<p>Se voc\u00ea solicitar a redefini\u00e7\u00e3o de sua senha, seu endere\u00e7o IP ser\u00e1 inclu\u00eddo no e-mail de redefini\u00e7\u00e3o.<\/p>\n<p><\/p>\n<h4>Por quanto tempo mantemos seus dados?<\/h4>\n<p>Se voc\u00ea deixar um coment\u00e1rio, ele ser\u00e1 mantido indefinidamente, juntamente com seus metadados. O objetivo \u00e9 reconhecer e aprovar automaticamente qualquer coment\u00e1rio de acompanhamento, em vez de mant\u00ea-los em uma fila de modera\u00e7\u00e3o.<\/p>\n<p>Para usu\u00e1rios que se registram em nosso site (se houver), tamb\u00e9m mantemos as informa\u00e7\u00f5es pessoais que eles nos fornecem em seus perfis de usu\u00e1rio. Todos os usu\u00e1rios podem, a qualquer momento, consultar, modificar ou excluir as informa\u00e7\u00f5es pessoais que nos forneceram (no entanto, n\u00e3o \u00e9 poss\u00edvel modificar seus nomes de usu\u00e1rio). Os administradores do site tamb\u00e9m podem consultar e modificar essas informa\u00e7\u00f5es.<\/p>\n<p><\/p>\n<h4>Quais s\u00e3o seus direitos em rela\u00e7\u00e3o aos seus dados?<\/h4>\n<p>Se voc\u00ea possui uma conta neste site ou deixou um coment\u00e1rio, pode solicitar o recebimento do arquivo exportado com os dados pessoais que coletamos sobre voc\u00ea, incluindo as informa\u00e7\u00f5es que nos forneceu. Voc\u00ea tamb\u00e9m pode solicitar a exclus\u00e3o de todos os dados pessoais relacionados a voc\u00ea. Isso n\u00e3o inclui alguns dados que somos obrigados a manter por raz\u00f5es administrativas, legais ou de seguran\u00e7a.<\/p>\n<p><\/p>\n<h4>Para onde enviamos seus dados?<\/h4>\n<p>Os coment\u00e1rios deixados pelos visitantes podem ser verificados por meio de um servi\u00e7o de detec\u00e7\u00e3o autom\u00e1tica de spam.<\/p>\n\t\t\t\t\t\t\t\t<\/div>\n\t\t\t\t\t\t<\/div>\r\n\t\t\t\t<\/div>\r\n\t\t\t\t\t\t\t\t<\/div>\r\n\t\t\t<\/section>\r\n\t\t\t\t\t<\/div>\n\t\t","protected":false},"excerpt":{"rendered":"<p>Pol\u00edtica de privacidade Quem somos? A Alpis \u00e9 uma ag\u00eancia de tradu\u00e7\u00e3o e interpreta\u00e7\u00e3o sediada em Paris, com v\u00e1rias ag\u00eancias distribu\u00eddas por toda a Fran\u00e7a. Bem-vindo ao nosso site: https:\/\/www.alpis.fr\/pt-pt. Coment\u00e1rios e Avalia\u00e7\u00f5es Quando os visitantes deixam coment\u00e1rios e avalia\u00e7\u00f5es no site, coletamos os dados de seus formul\u00e1rios, bem como o endere\u00e7o IP e o navegador utilizado para melhorar a detec\u00e7\u00e3o de spam. Uma sequ\u00eancia de caracteres criada a partir do seu endere\u00e7o de e-mail (um hash) pode ser fornecida ao servi\u00e7o Gravatar para gerar um avatar no site ou usar o seu se voc\u00ea j\u00e1 estiver usando o Gravatar. A pol\u00edtica de privacidade do Gravatar est\u00e1 dispon\u00edvel neste endere\u00e7o: https:\/\/automattic.com\/privacy\/. Ap\u00f3s a valida\u00e7\u00e3o do seu coment\u00e1rio, seu avatar (imagem de perfil) ser\u00e1 vis\u00edvel ao p\u00fablico junto com o seu coment\u00e1rio. M\u00eddia Se voc\u00ea carregar imagens em nosso site, \u00e9 necess\u00e1rio evitar que contenham dados de geolocaliza\u00e7\u00e3o inclu\u00eddos nos detalhes (EXIF GPS). Os visitantes podem baixar essa imagem e extrair os dados. Cookies Se voc\u00ea deixar um coment\u00e1rio em nosso site, voc\u00ea pode optar por salvar seu nome, endere\u00e7o de e-mail e os cookies do site. Estes s\u00e3o para o seu conforto, a fim de evitar que voc\u00ea tenha que inserir seus detalhes novamente ao deixar outro coment\u00e1rio. Esses cookies s\u00e3o armazenados por um ano. Se voc\u00ea acessar nossa p\u00e1gina de login, configuraremos um cookie tempor\u00e1rio que permitir\u00e1 determinar se seu navegador aceita cookies. Este cookie n\u00e3o armazena nenhum dado pessoal e \u00e9 exclu\u00eddo assim que voc\u00ea fecha seu navegador. Ao fazer login, configuramos outros cookies que armazenam suas informa\u00e7\u00f5es de login e prefer\u00eancias gr\u00e1ficas. Os cookies de login s\u00e3o armazenados por dois dias, e os cookies de prefer\u00eancias gr\u00e1ficas s\u00e3o armazenados por um ano. Se voc\u00ea selecionar a op\u00e7\u00e3o &#8220;Lembrar-me&#8221;, suas informa\u00e7\u00f5es de login ser\u00e3o mantidas por duas semanas. Se voc\u00ea se desconectar da sua conta, os cookies de login ser\u00e3o removidos. Se voc\u00ea editar ou publicar um artigo, um cookie adicional ser\u00e1 salvo no seu navegador. Este cookie n\u00e3o ret\u00e9m nenhum dado pessoal e simplesmente indica as informa\u00e7\u00f5es do post do artigo que voc\u00ea acabou de editar. Ele expira ap\u00f3s um dia.&#8221; Conte\u00fado de outros sites Os artigos publicados neste site incluem conte\u00fado incorporado (como v\u00eddeos, imagens, artigos, etc.). Esse conte\u00fado incorporado de outros sites funciona da mesma maneira que se o usu\u00e1rio tivesse visitado o site de onde vem esse conte\u00fado. Esses sites podem coletar dados sobre voc\u00ea, usar cookies, incorporar rastreamento adicional por terceiros e monitorar sua intera\u00e7\u00e3o com esse conte\u00fado incorporado, especialmente seguindo suas intera\u00e7\u00f5es com o conte\u00fado incorporado se voc\u00ea tiver uma conta e estiver conectado a este site. Com quem compartilhamos seus dados? Se voc\u00ea solicitar a redefini\u00e7\u00e3o de sua senha, seu endere\u00e7o IP ser\u00e1 inclu\u00eddo no e-mail de redefini\u00e7\u00e3o. Por quanto tempo mantemos seus dados? Se voc\u00ea deixar um coment\u00e1rio, ele ser\u00e1 mantido indefinidamente, juntamente com seus metadados. O objetivo \u00e9 reconhecer e aprovar automaticamente qualquer coment\u00e1rio de acompanhamento, em vez de mant\u00ea-los em uma fila de modera\u00e7\u00e3o. Para usu\u00e1rios que se registram em nosso site (se houver), tamb\u00e9m mantemos as informa\u00e7\u00f5es pessoais que eles nos fornecem em seus perfis de usu\u00e1rio. Todos os usu\u00e1rios podem, a qualquer momento, consultar, modificar ou excluir as informa\u00e7\u00f5es pessoais que nos forneceram (no entanto, n\u00e3o \u00e9 poss\u00edvel modificar seus nomes de usu\u00e1rio). Os administradores do site tamb\u00e9m podem consultar e modificar essas informa\u00e7\u00f5es. Quais s\u00e3o seus direitos em rela\u00e7\u00e3o aos seus dados? Se voc\u00ea possui uma conta neste site ou deixou um coment\u00e1rio, pode solicitar o recebimento do arquivo exportado com os dados pessoais que coletamos sobre voc\u00ea, incluindo as informa\u00e7\u00f5es que nos forneceu. Voc\u00ea tamb\u00e9m pode solicitar a exclus\u00e3o de todos os dados pessoais relacionados a voc\u00ea. Isso n\u00e3o inclui alguns dados que somos obrigados a manter por raz\u00f5es administrativas, legais ou de seguran\u00e7a. Para onde enviamos seus dados? Os coment\u00e1rios deixados pelos visitantes podem ser verificados por meio de um servi\u00e7o de detec\u00e7\u00e3o autom\u00e1tica de spam.<\/p>\n","protected":false},"author":25,"featured_media":0,"parent":0,"menu_order":0,"comment_status":"closed","ping_status":"closed","template":"","meta":{"footnotes":""},"class_list":["post-16983","page","type-page","status-publish","hentry"],"yoast_head":"<!-- This site is optimized with the Yoast SEO Premium plugin v27.3 (Yoast SEO v27.3) - https:\/\/yoast.com\/product\/yoast-seo-premium-wordpress\/ -->\n<title>Pol\u00edtica de privacidade - Alpis Tradu\u00e7\u00e3o y Interpreta\u00e7\u00e3o<\/title>\n<meta name=\"description\" content=\"Alpis Tradu\u00e7\u00e3o e Interpreta\u00e7\u00e3o garante a total prote\u00e7\u00e3o, privacidade e confidencialidade dos seus dados pessoais durante as nossas intera\u00e7\u00f5es.\" \/>\n<meta name=\"robots\" content=\"index, follow, max-snippet:-1, max-image-preview:large, max-video-preview:-1\" \/>\n<link rel=\"canonical\" href=\"https:\/\/www.alpis.fr\/pt-pt\/politica-de-privacidade\/\" \/>\n<meta property=\"og:locale\" content=\"pt_PT\" \/>\n<meta property=\"og:type\" content=\"article\" \/>\n<meta property=\"og:title\" content=\"Pol\u00edtica de privacidade\" \/>\n<meta property=\"og:description\" content=\"Alpis Tradu\u00e7\u00e3o e Interpreta\u00e7\u00e3o garante a total prote\u00e7\u00e3o, privacidade e confidencialidade dos seus dados pessoais durante as nossas intera\u00e7\u00f5es.\" \/>\n<meta property=\"og:url\" content=\"https:\/\/www.alpis.fr\/pt-pt\/politica-de-privacidade\/\" \/>\n<meta property=\"og:site_name\" content=\"Alpis Tradu\u00e7\u00e3o e Interpreta\u00e7\u00e3o\" \/>\n<meta property=\"article:publisher\" content=\"https:\/\/www.facebook.com\/alpisfr\/\" \/>\n<meta property=\"article:modified_time\" content=\"2024-10-16T09:07:32+00:00\" \/>\n<meta property=\"og:image\" content=\"https:\/\/www.alpis.fr\/wp-content\/uploads\/elementor\/thumbs\/confidential-pqcv6yw0f4cgxlcw66hhns7fi5j6sg6jtd430hgfkg.jpg\" \/>\n<meta name=\"twitter:card\" content=\"summary_large_image\" \/>\n<meta name=\"twitter:site\" content=\"@AlpisParis\" \/>\n<meta name=\"twitter:label1\" content=\"Tempo estimado de leitura\" \/>\n\t<meta name=\"twitter:data1\" content=\"4 minutos\" \/>\n<script type=\"application\/ld+json\" class=\"yoast-schema-graph\">{\"@context\":\"https:\\\/\\\/schema.org\",\"@graph\":[{\"@type\":\"WebPage\",\"@id\":\"https:\\\/\\\/www.alpis.fr\\\/pt-pt\\\/politica-de-privacidade\\\/\",\"url\":\"https:\\\/\\\/www.alpis.fr\\\/pt-pt\\\/politica-de-privacidade\\\/\",\"name\":\"Pol\u00edtica de privacidade - Alpis Tradu\u00e7\u00e3o y Interpreta\u00e7\u00e3o\",\"isPartOf\":{\"@id\":\"https:\\\/\\\/www.alpis.fr\\\/pt-pt\\\/#website\"},\"primaryImageOfPage\":{\"@id\":\"https:\\\/\\\/www.alpis.fr\\\/pt-pt\\\/politica-de-privacidade\\\/#primaryimage\"},\"image\":{\"@id\":\"https:\\\/\\\/www.alpis.fr\\\/pt-pt\\\/politica-de-privacidade\\\/#primaryimage\"},\"thumbnailUrl\":\"https:\\\/\\\/www.alpis.fr\\\/wp-content\\\/uploads\\\/elementor\\\/thumbs\\\/confidential-pqcv6yw0f4cgxlcw66hhns7fi5j6sg6jtd430hgfkg.jpg\",\"datePublished\":\"2022-01-24T10:59:46+00:00\",\"dateModified\":\"2024-10-16T09:07:32+00:00\",\"description\":\"Alpis Tradu\u00e7\u00e3o e Interpreta\u00e7\u00e3o garante a total prote\u00e7\u00e3o, privacidade e confidencialidade dos seus dados pessoais durante as nossas intera\u00e7\u00f5es.\",\"inLanguage\":\"pt-PT\",\"potentialAction\":[{\"@type\":\"ReadAction\",\"target\":[\"https:\\\/\\\/www.alpis.fr\\\/pt-pt\\\/politica-de-privacidade\\\/\"]}]},{\"@type\":\"ImageObject\",\"inLanguage\":\"pt-PT\",\"@id\":\"https:\\\/\\\/www.alpis.fr\\\/pt-pt\\\/politica-de-privacidade\\\/#primaryimage\",\"url\":\"https:\\\/\\\/www.alpis.fr\\\/wp-content\\\/uploads\\\/elementor\\\/thumbs\\\/confidential-pqcv6yw0f4cgxlcw66hhns7fi5j6sg6jtd430hgfkg.jpg\",\"contentUrl\":\"https:\\\/\\\/www.alpis.fr\\\/wp-content\\\/uploads\\\/elementor\\\/thumbs\\\/confidential-pqcv6yw0f4cgxlcw66hhns7fi5j6sg6jtd430hgfkg.jpg\"},{\"@type\":\"WebSite\",\"@id\":\"https:\\\/\\\/www.alpis.fr\\\/pt-pt\\\/#website\",\"url\":\"https:\\\/\\\/www.alpis.fr\\\/pt-pt\\\/\",\"name\":\"Alpis Traduction et Interpr\u00e9tation\",\"description\":\"A ag\u00eancia de tradu\u00e7\u00e3o ao servi\u00e7o da sua ascens\u00e3o internacional\",\"publisher\":{\"@id\":\"https:\\\/\\\/www.alpis.fr\\\/pt-pt\\\/#organization\"},\"potentialAction\":[{\"@type\":\"SearchAction\",\"target\":{\"@type\":\"EntryPoint\",\"urlTemplate\":\"https:\\\/\\\/www.alpis.fr\\\/pt-pt\\\/?s={search_term_string}\"},\"query-input\":{\"@type\":\"PropertyValueSpecification\",\"valueRequired\":true,\"valueName\":\"search_term_string\"}}],\"inLanguage\":\"pt-PT\"},{\"@type\":\"Organization\",\"@id\":\"https:\\\/\\\/www.alpis.fr\\\/pt-pt\\\/#organization\",\"name\":\"Alpis Traduction et Interpr\u00e9tation\",\"alternateName\":\"Alpis\",\"url\":\"https:\\\/\\\/www.alpis.fr\\\/pt-pt\\\/\",\"logo\":{\"@type\":\"ImageObject\",\"inLanguage\":\"pt-PT\",\"@id\":\"https:\\\/\\\/www.alpis.fr\\\/pt-pt\\\/#\\\/schema\\\/logo\\\/image\\\/\",\"url\":\"https:\\\/\\\/www.alpis.fr\\\/wp-content\\\/uploads\\\/2022\\\/06\\\/LogoPreviewFB1200x630.jpg\",\"contentUrl\":\"https:\\\/\\\/www.alpis.fr\\\/wp-content\\\/uploads\\\/2022\\\/06\\\/LogoPreviewFB1200x630.jpg\",\"width\":1200,\"height\":630,\"caption\":\"Alpis Traduction et Interpr\u00e9tation\"},\"image\":{\"@id\":\"https:\\\/\\\/www.alpis.fr\\\/pt-pt\\\/#\\\/schema\\\/logo\\\/image\\\/\"},\"sameAs\":[\"https:\\\/\\\/www.facebook.com\\\/alpisfr\\\/\",\"https:\\\/\\\/x.com\\\/AlpisParis\",\"https:\\\/\\\/www.linkedin.com\\\/company\\\/alpis\",\"https:\\\/\\\/twitter.com\\\/AlpisParis\"],\"email\":\"contact@alpis.fr\",\"telephone\":\"+33973037000\",\"legalName\":\"Alpis Traduction et Interpr\u00e9tation SAS\",\"foundingDate\":\"2014-03-06\",\"vatID\":\"FR52801253543\",\"taxID\":\"80125354300012\",\"numberOfEmployees\":{\"@type\":\"QuantitativeValue\",\"minValue\":\"1\",\"maxValue\":\"10\"},\"actionableFeedbackPolicy\":\"https:\\\/\\\/www.alpis.fr\\\/mentions-legales\\\/\",\"correctionsPolicy\":\"https:\\\/\\\/www.alpis.fr\\\/mentions-legales\\\/\"}]}<\/script>\n<!-- \/ Yoast SEO Premium plugin. -->","yoast_head_json":{"title":"Pol\u00edtica de privacidade - Alpis Tradu\u00e7\u00e3o y Interpreta\u00e7\u00e3o","description":"Alpis Tradu\u00e7\u00e3o e Interpreta\u00e7\u00e3o garante a total prote\u00e7\u00e3o, privacidade e confidencialidade dos seus dados pessoais durante as nossas intera\u00e7\u00f5es.","robots":{"index":"index","follow":"follow","max-snippet":"max-snippet:-1","max-image-preview":"max-image-preview:large","max-video-preview":"max-video-preview:-1"},"canonical":"https:\/\/www.alpis.fr\/pt-pt\/politica-de-privacidade\/","og_locale":"pt_PT","og_type":"article","og_title":"Pol\u00edtica de privacidade","og_description":"Alpis Tradu\u00e7\u00e3o e Interpreta\u00e7\u00e3o garante a total prote\u00e7\u00e3o, privacidade e confidencialidade dos seus dados pessoais durante as nossas intera\u00e7\u00f5es.","og_url":"https:\/\/www.alpis.fr\/pt-pt\/politica-de-privacidade\/","og_site_name":"Alpis Tradu\u00e7\u00e3o e Interpreta\u00e7\u00e3o","article_publisher":"https:\/\/www.facebook.com\/alpisfr\/","article_modified_time":"2024-10-16T09:07:32+00:00","og_image":[{"url":"https:\/\/www.alpis.fr\/wp-content\/uploads\/elementor\/thumbs\/confidential-pqcv6yw0f4cgxlcw66hhns7fi5j6sg6jtd430hgfkg.jpg","type":"","width":"","height":""}],"twitter_card":"summary_large_image","twitter_site":"@AlpisParis","twitter_misc":{"Tempo estimado de leitura":"4 minutos"},"schema":{"@context":"https:\/\/schema.org","@graph":[{"@type":"WebPage","@id":"https:\/\/www.alpis.fr\/pt-pt\/politica-de-privacidade\/","url":"https:\/\/www.alpis.fr\/pt-pt\/politica-de-privacidade\/","name":"Pol\u00edtica de privacidade - Alpis Tradu\u00e7\u00e3o y Interpreta\u00e7\u00e3o","isPartOf":{"@id":"https:\/\/www.alpis.fr\/pt-pt\/#website"},"primaryImageOfPage":{"@id":"https:\/\/www.alpis.fr\/pt-pt\/politica-de-privacidade\/#primaryimage"},"image":{"@id":"https:\/\/www.alpis.fr\/pt-pt\/politica-de-privacidade\/#primaryimage"},"thumbnailUrl":"https:\/\/www.alpis.fr\/wp-content\/uploads\/elementor\/thumbs\/confidential-pqcv6yw0f4cgxlcw66hhns7fi5j6sg6jtd430hgfkg.jpg","datePublished":"2022-01-24T10:59:46+00:00","dateModified":"2024-10-16T09:07:32+00:00","description":"Alpis Tradu\u00e7\u00e3o e Interpreta\u00e7\u00e3o garante a total prote\u00e7\u00e3o, privacidade e confidencialidade dos seus dados pessoais durante as nossas intera\u00e7\u00f5es.","inLanguage":"pt-PT","potentialAction":[{"@type":"ReadAction","target":["https:\/\/www.alpis.fr\/pt-pt\/politica-de-privacidade\/"]}]},{"@type":"ImageObject","inLanguage":"pt-PT","@id":"https:\/\/www.alpis.fr\/pt-pt\/politica-de-privacidade\/#primaryimage","url":"https:\/\/www.alpis.fr\/wp-content\/uploads\/elementor\/thumbs\/confidential-pqcv6yw0f4cgxlcw66hhns7fi5j6sg6jtd430hgfkg.jpg","contentUrl":"https:\/\/www.alpis.fr\/wp-content\/uploads\/elementor\/thumbs\/confidential-pqcv6yw0f4cgxlcw66hhns7fi5j6sg6jtd430hgfkg.jpg"},{"@type":"WebSite","@id":"https:\/\/www.alpis.fr\/pt-pt\/#website","url":"https:\/\/www.alpis.fr\/pt-pt\/","name":"Alpis Traduction et Interpr\u00e9tation","description":"A ag\u00eancia de tradu\u00e7\u00e3o ao servi\u00e7o da sua ascens\u00e3o internacional","publisher":{"@id":"https:\/\/www.alpis.fr\/pt-pt\/#organization"},"potentialAction":[{"@type":"SearchAction","target":{"@type":"EntryPoint","urlTemplate":"https:\/\/www.alpis.fr\/pt-pt\/?s={search_term_string}"},"query-input":{"@type":"PropertyValueSpecification","valueRequired":true,"valueName":"search_term_string"}}],"inLanguage":"pt-PT"},{"@type":"Organization","@id":"https:\/\/www.alpis.fr\/pt-pt\/#organization","name":"Alpis Traduction et Interpr\u00e9tation","alternateName":"Alpis","url":"https:\/\/www.alpis.fr\/pt-pt\/","logo":{"@type":"ImageObject","inLanguage":"pt-PT","@id":"https:\/\/www.alpis.fr\/pt-pt\/#\/schema\/logo\/image\/","url":"https:\/\/www.alpis.fr\/wp-content\/uploads\/2022\/06\/LogoPreviewFB1200x630.jpg","contentUrl":"https:\/\/www.alpis.fr\/wp-content\/uploads\/2022\/06\/LogoPreviewFB1200x630.jpg","width":1200,"height":630,"caption":"Alpis Traduction et Interpr\u00e9tation"},"image":{"@id":"https:\/\/www.alpis.fr\/pt-pt\/#\/schema\/logo\/image\/"},"sameAs":["https:\/\/www.facebook.com\/alpisfr\/","https:\/\/x.com\/AlpisParis","https:\/\/www.linkedin.com\/company\/alpis","https:\/\/twitter.com\/AlpisParis"],"email":"contact@alpis.fr","telephone":"+33973037000","legalName":"Alpis Traduction et Interpr\u00e9tation SAS","foundingDate":"2014-03-06","vatID":"FR52801253543","taxID":"80125354300012","numberOfEmployees":{"@type":"QuantitativeValue","minValue":"1","maxValue":"10"},"actionableFeedbackPolicy":"https:\/\/www.alpis.fr\/mentions-legales\/","correctionsPolicy":"https:\/\/www.alpis.fr\/mentions-legales\/"}]}},"_links":{"self":[{"href":"https:\/\/www.alpis.fr\/pt-pt\/wp-json\/wp\/v2\/pages\/16983","targetHints":{"allow":["GET"]}}],"collection":[{"href":"https:\/\/www.alpis.fr\/pt-pt\/wp-json\/wp\/v2\/pages"}],"about":[{"href":"https:\/\/www.alpis.fr\/pt-pt\/wp-json\/wp\/v2\/types\/page"}],"author":[{"embeddable":true,"href":"https:\/\/www.alpis.fr\/pt-pt\/wp-json\/wp\/v2\/users\/25"}],"replies":[{"embeddable":true,"href":"https:\/\/www.alpis.fr\/pt-pt\/wp-json\/wp\/v2\/comments?post=16983"}],"version-history":[{"count":0,"href":"https:\/\/www.alpis.fr\/pt-pt\/wp-json\/wp\/v2\/pages\/16983\/revisions"}],"wp:attachment":[{"href":"https:\/\/www.alpis.fr\/pt-pt\/wp-json\/wp\/v2\/media?parent=16983"}],"curies":[{"name":"wp","href":"https:\/\/api.w.org\/{rel}","templated":true}]}}